{"id":3415,"date":"2023-09-21T08:42:54","date_gmt":"2023-09-21T08:42:54","guid":{"rendered":"https:\/\/nelvaresort.com\/?page_id=3415"},"modified":"2025-06-10T09:20:25","modified_gmt":"2025-06-10T09:20:25","slug":"conciertos-nelva-resort","status":"publish","type":"page","link":"https:\/\/staging.nelvaresort.com\/en\/conciertos-nelva-resort\/","title":{"rendered":"Live music"},"content":{"rendered":"<div data-elementor-type=\"wp-page\" data-elementor-id=\"3415\" class=\"elementor elementor-3415\" data-elementor-post-type=\"page\">\n\t\t\t\t\t\t<section class=\"elementor-section elementor-top-section elementor-element elementor-element-e059ce7 elementor-section-boxed elementor-section-height-default elementor-section-height-default\" data-id=\"e059ce7\" data-element_type=\"section\" data-settings=\"{&quot;background_background&quot;:&quot;classic&quot;}\">\n\t\t\t\t\t\t\t<div class=\"elementor-background-overlay\"><\/div>\n\t\t\t\t\t\t\t<div class=\"elementor-container elementor-column-gap-default\">\n\t\t\t\t\t<div class=\"elementor-column elementor-col-100 elementor-top-column elementor-element elementor-element-363bcf8\" data-id=\"363bcf8\" data-element_type=\"column\">\n\t\t\t<div class=\"elementor-widget-wrap elementor-element-populated\">\n\t\t\t\t\t\t<div class=\"elementor-element elementor-element-1ccfb59 elementor-widget__width-initial elementor-widget elementor-widget-heading\" data-id=\"1ccfb59\" data-element_type=\"widget\" data-widget_type=\"heading.default\">\n\t\t\t\t\t<h1 class=\"elementor-heading-title elementor-size-default\">Live music<\/h1>\t\t\t\t<\/div>\n\t\t\t\t<div class=\"elementor-element elementor-element-28fd140 elementor-widget elementor-widget-text-editor\" data-id=\"28fd140\" data-element_type=\"widget\" data-widget_type=\"text-editor.default\">\n\t\t\t\t\t\t\t\t\t<p>Every Monday and Thursday concerts on the terrace of Bar Nelva<\/p>\t\t\t\t\t\t\t\t<\/div>\n\t\t\t\t\t<\/div>\n\t\t<\/div>\n\t\t\t\t\t<\/div>\n\t\t<\/section>\n\t\t\t\t<section class=\"elementor-section elementor-top-section elementor-element elementor-element-1cc774c4 elementor-section-boxed elementor-section-height-default elementor-section-height-default\" data-id=\"1cc774c4\" data-element_type=\"section\" data-settings=\"{&quot;background_background&quot;:&quot;classic&quot;}\">\n\t\t\t\t\t\t\t<div class=\"elementor-background-overlay\"><\/div>\n\t\t\t\t\t\t\t<div class=\"elementor-container elementor-column-gap-default\">\n\t\t\t\t\t<div class=\"elementor-column elementor-col-100 elementor-top-column elementor-element elementor-element-5c286feb\" data-id=\"5c286feb\" data-element_type=\"column\">\n\t\t\t<div class=\"elementor-widget-wrap elementor-element-populated\">\n\t\t\t\t\t\t<div class=\"elementor-element elementor-element-6526303a elementor-widget elementor-widget-heading\" data-id=\"6526303a\" data-element_type=\"widget\" data-widget_type=\"heading.default\">\n\t\t\t\t\t<h2 class=\"elementor-heading-title elementor-size-default\"><a href=\"https:\/\/booking.avirato.com\/?code=49919346\">Oferta web a partir 5% todos los apartamentos<\/a><\/h2>\t\t\t\t<\/div>\n\t\t\t\t\t<\/div>\n\t\t<\/div>\n\t\t\t\t\t<\/div>\n\t\t<\/section>\n\t\t\t\t<section class=\"elementor-section elementor-top-section elementor-element elementor-element-e5f0bbb elementor-reverse-tablet elementor-reverse-mobile elementor-section-boxed elementor-section-height-default elementor-section-height-default\" data-id=\"e5f0bbb\" data-element_type=\"section\" data-settings=\"{&quot;background_background&quot;:&quot;classic&quot;}\">\n\t\t\t\t\t\t<div class=\"elementor-container elementor-column-gap-extended\">\n\t\t\t\t\t<div class=\"elementor-column elementor-col-50 elementor-top-column elementor-element elementor-element-916cd4b\" data-id=\"916cd4b\" data-element_type=\"column\">\n\t\t\t<div class=\"elementor-widget-wrap elementor-element-populated\">\n\t\t\t\t\t\t<div class=\"elementor-element elementor-element-92d694f elementor-widget__width-inherit elementor-widget-mobile__width-inherit elementor-widget elementor-widget-image-box\" data-id=\"92d694f\" data-element_type=\"widget\" data-widget_type=\"image-box.default\">\n\t\t\t\t\t<div class=\"elementor-image-box-wrapper\"><div class=\"elementor-image-box-content\"><h2 class=\"elementor-image-box-title\">Rumba with &quot;Fusiona2&quot;<\/h2><\/div><\/div>\t\t\t\t<\/div>\n\t\t\t\t<div class=\"elementor-element elementor-element-6eb1c75 elementor-widget elementor-widget-text-editor\" data-id=\"6eb1c75\" data-element_type=\"widget\" data-widget_type=\"text-editor.default\">\n\t\t\t\t\t\t\t\t\t<p>Starting June 1 every Thursday, live music with Fusiona 2, at 9 p.m. on the terrace of the Nelva Resort!!!<\/p><p>Open to the public!!!<br \/>Special concert menu at the Nelva Bar Restaurant.<\/p>\t\t\t\t\t\t\t\t<\/div>\n\t\t\t\t\t<\/div>\n\t\t<\/div>\n\t\t\t\t<div class=\"elementor-column elementor-col-50 elementor-top-column elementor-element elementor-element-53fc916\" data-id=\"53fc916\" data-element_type=\"column\">\n\t\t\t<div class=\"elementor-widget-wrap elementor-element-populated\">\n\t\t\t\t\t\t<div class=\"elementor-element elementor-element-32581ed elementor-widget elementor-widget-image\" data-id=\"32581ed\" data-element_type=\"widget\" data-widget_type=\"image.default\">\n\t\t\t\t\t\t\t\t\t\t\t\t\t\t\t<img decoding=\"async\" width=\"714\" height=\"783\" src=\"https:\/\/staging.nelvaresort.com\/wp-content\/uploads\/2023\/09\/fusiona2barnelva-e1703093522743.jpeg\" class=\"attachment-medium_large size-medium_large wp-image-3400\" alt=\"\" srcset=\"https:\/\/staging.nelvaresort.com\/wp-content\/uploads\/2023\/09\/fusiona2barnelva-e1703093522743.jpeg 714w, https:\/\/staging.nelvaresort.com\/wp-content\/uploads\/2023\/09\/fusiona2barnelva-e1703093522743-274x300.jpeg 274w, https:\/\/staging.nelvaresort.com\/wp-content\/uploads\/2023\/09\/fusiona2barnelva-e1703093522743-11x12.jpeg 11w, https:\/\/staging.nelvaresort.com\/wp-content\/uploads\/2023\/09\/fusiona2barnelva-e1703093522743-600x658.jpeg 600w\" sizes=\"(max-width: 714px) 100vw, 714px\" \/>\t\t\t\t\t\t\t\t\t\t\t\t\t\t\t<\/div>\n\t\t\t\t\t<\/div>\n\t\t<\/div>\n\t\t\t\t\t<\/div>\n\t\t<\/section>\n\t\t\t\t<section class=\"elementor-section elementor-top-section elementor-element elementor-element-17c45d3 elementor-reverse-tablet elementor-reverse-mobile elementor-section-boxed elementor-section-height-default elementor-section-height-default\" data-id=\"17c45d3\" data-element_type=\"section\" data-settings=\"{&quot;background_background&quot;:&quot;classic&quot;}\">\n\t\t\t\t\t\t<div class=\"elementor-container elementor-column-gap-extended\">\n\t\t\t\t\t<div class=\"elementor-column elementor-col-50 elementor-top-column elementor-element elementor-element-97a64ee\" data-id=\"97a64ee\" data-element_type=\"column\">\n\t\t\t<div class=\"elementor-widget-wrap elementor-element-populated\">\n\t\t\t\t\t\t<div class=\"elementor-element elementor-element-f9ecd6f elementor-widget__width-inherit elementor-widget-mobile__width-inherit elementor-widget elementor-widget-image-box\" data-id=\"f9ecd6f\" data-element_type=\"widget\" data-widget_type=\"image-box.default\">\n\t\t\t\t\t<div class=\"elementor-image-box-wrapper\"><div class=\"elementor-image-box-content\"><h2 class=\"elementor-image-box-title\">Marcos Andr\u00e9s live<\/h2><\/div><\/div>\t\t\t\t<\/div>\n\t\t\t\t<div class=\"elementor-element elementor-element-fe99c72 elementor-widget elementor-widget-text-editor\" data-id=\"fe99c72\" data-element_type=\"widget\" data-widget_type=\"text-editor.default\">\n\t\t\t\t\t\t\t\t\t<p>Starting June 1, every Monday live music with Marcos Andr\u00e9s, at 9 p.m. on the terrace of the Nelva Resort!!!<\/p><p>Open to the public!!!<br \/>Special concert menu at the Nelva Bar Restaurant<\/p>\t\t\t\t\t\t\t\t<\/div>\n\t\t\t\t\t<\/div>\n\t\t<\/div>\n\t\t\t\t<div class=\"elementor-column elementor-col-50 elementor-top-column elementor-element elementor-element-20a2524\" data-id=\"20a2524\" data-element_type=\"column\">\n\t\t\t<div class=\"elementor-widget-wrap elementor-element-populated\">\n\t\t\t\t\t\t<div class=\"elementor-element elementor-element-a6af46f elementor-widget elementor-widget-image\" data-id=\"a6af46f\" data-element_type=\"widget\" data-widget_type=\"image.default\">\n\t\t\t\t\t\t\t\t\t\t\t\t\t\t\t<img decoding=\"async\" width=\"1024\" height=\"592\" src=\"https:\/\/staging.nelvaresort.com\/wp-content\/uploads\/2023\/09\/marcosandres-1024x592-1.webp\" class=\"attachment-large size-large wp-image-3399\" alt=\"\" srcset=\"https:\/\/staging.nelvaresort.com\/wp-content\/uploads\/2023\/09\/marcosandres-1024x592-1.webp 1024w, https:\/\/staging.nelvaresort.com\/wp-content\/uploads\/2023\/09\/marcosandres-1024x592-1-300x173.webp 300w, https:\/\/staging.nelvaresort.com\/wp-content\/uploads\/2023\/09\/marcosandres-1024x592-1-768x444.webp 768w, https:\/\/staging.nelvaresort.com\/wp-content\/uploads\/2023\/09\/marcosandres-1024x592-1-18x10.webp 18w, https:\/\/staging.nelvaresort.com\/wp-content\/uploads\/2023\/09\/marcosandres-1024x592-1-600x347.webp 600w\" sizes=\"(max-width: 1024px) 100vw, 1024px\" \/>\t\t\t\t\t\t\t\t\t\t\t\t\t\t\t<\/div>\n\t\t\t\t\t<\/div>\n\t\t<\/div>\n\t\t\t\t\t<\/div>\n\t\t<\/section>\n\t\t\t\t<section class=\"elementor-section elementor-top-section elementor-element elementor-element-4335c95 elementor-section-height-min-height elementor-section-boxed elementor-section-height-default elementor-section-items-middle\" data-id=\"4335c95\" data-element_type=\"section\" data-settings=\"{&quot;background_background&quot;:&quot;classic&quot;}\">\n\t\t\t\t\t\t\t<div class=\"elementor-background-overlay\"><\/div>\n\t\t\t\t\t\t\t<div class=\"elementor-container elementor-column-gap-no\">\n\t\t\t\t\t<div class=\"elementor-column elementor-col-100 elementor-top-column elementor-element elementor-element-f83f174\" data-id=\"f83f174\" data-element_type=\"column\">\n\t\t\t<div class=\"elementor-widget-wrap elementor-element-populated\">\n\t\t\t\t\t\t<div class=\"elementor-element elementor-element-db919cc elementor-widget elementor-widget-heading\" data-id=\"db919cc\" data-element_type=\"widget\" data-widget_type=\"heading.default\">\n\t\t\t\t\t<h2 class=\"elementor-heading-title elementor-size-default\">Live an unforgettable experience in Menorca<\/h2>\t\t\t\t<\/div>\n\t\t\t\t<div class=\"elementor-element elementor-element-938eaf6 elementor-widget elementor-widget-text-editor\" data-id=\"938eaf6\" data-element_type=\"widget\" data-widget_type=\"text-editor.default\">\n\t\t\t\t\t\t\t\t\t<p>Discover one of the most charming islands in the Mediterranean with Nelva Resorts.<\/p>\t\t\t\t\t\t\t\t<\/div>\n\t\t\t\t<section class=\"elementor-section elementor-inner-section elementor-element elementor-element-0ecf0a8 elementor-section-boxed elementor-section-height-default elementor-section-height-default\" data-id=\"0ecf0a8\" data-element_type=\"section\">\n\t\t\t\t\t\t<div class=\"elementor-container elementor-column-gap-default\">\n\t\t\t\t\t<div class=\"elementor-column elementor-col-100 elementor-inner-column elementor-element elementor-element-451971b\" data-id=\"451971b\" data-element_type=\"column\">\n\t\t\t<div class=\"elementor-widget-wrap elementor-element-populated\">\n\t\t\t\t\t\t<div class=\"elementor-element elementor-element-20b3c6d elementor-widget elementor-widget-shortcode\" data-id=\"20b3c6d\" data-element_type=\"widget\" data-widget_type=\"shortcode.default\">\n\t\t\t\t\t\t\t<div class=\"elementor-shortcode\">\n\t\t\t<form id=\"sib_signup_form_5\" method=\"post\" class=\"sib_signup_form\" action=\"\">\n\t\t\t\t<div class=\"sib_loader\" style=\"display:none;\"><img\n\t\t\t\t\t\t\tsrc=\"https:\/\/staging.nelvaresort.com\/wp-includes\/images\/spinner.gif\" alt=\"loader\"><\/div>\n\t\t\t\t<input type=\"hidden\" name=\"sib_form_action\" value=\"subscribe_form_submit\">\n\t\t\t\t<input type=\"hidden\" name=\"sib_form_id\" value=\"5\">\n                <input type=\"hidden\" name=\"sib_form_alert_notice\" value=\"Por favor rellene este campo\">\n                <input type=\"hidden\" name=\"sib_form_invalid_email_notice\" value=\"Tu direcci\u00f3n de correo electr\u00f3nico no es v\u00e1lida\">\n                <input type=\"hidden\" name=\"sib_security\" value=\"2e6c4837cc\">\n\t\t\t\t<div class=\"sib_signup_box_inside_5\">\n\t\t\t\t\t<div style=\"\/*display:none*\/\" class=\"sib_msg_disp\">\n\t\t\t\t\t<\/div>\n                    \t\t\t\t\t<div style=\"width:100% !important\">\r\n\r\n    <p style=\"display:inline-block\"> \r\n    <label class=\"sib-email-area\"><\/label> \r\n    \r\n    <input placeholder=\"Name\" type=\"text\" class=\"sib-FIRSTNAME-area\" name=\"NAME\">\r\n<input type=\"email\" class=\"sib-email-area\" name=\"email\" placeholder=\"E-mail address\" value=\"\" required=\"required\"> \r\n<\/p>\r\n<p>\r\n<p> \r\n    <label class=\"sib-IDIOMA-area\"><\/label> \r\n    <input id=\"idioma-input\" type=\"text\" class=\"sib-IDIOMA-area\" name=\"IDIOMA\" value=\"es\" required=\"required\"> \r\n<\/p>\r\n<input type=\"checkbox\" name=\"terms\" required=\"required\"> <span style=\"color: #ffffff\">I accept the<a href=\"https:\/\/staging.nelvaresort.com\/en\/politica-de-privacidad\/\"> terms and conditions<\/a>\r\n<\/p><p>\r\n\r\n  <input type=\"submit\" class=\"sib-default-btn\" value=\"Subscribe\">\r\n<\/p>\r\n<\/div>\t\t\t\t<\/div>\n\t\t\t<input type=\"hidden\" name=\"trp-form-language\" value=\"en\"\/><\/form>\n\t\t\t<style>\n\t\t\t\tform#sib_signup_form_5 p.sib-alert-message {\n    padding: 6px 12px;\n    margin-bottom: 20px;\n    border: 1px solid transparent;\n    border-radius: 4px;\n    -webkit-box-sizing: border-box;\n    -moz-box-sizing: border-box;\n    box-sizing: border-box;\n}\nform#sib_signup_form_5 p.sib-alert-message-error {\n    background-color: #f2dede;\n    border-color: #ebccd1;\n    color: #a94442;\n}\nform#sib_signup_form_5 p.sib-alert-message-success {\n    background-color: #dff0d8;\n    border-color: #d6e9c6;\n    color: #3c763d;\n}\nform#sib_signup_form_5 p.sib-alert-message-warning {\n    background-color: #fcf8e3;\n    border-color: #faebcc;\n    color: #8a6d3b;\n}\n\t\t\t<\/style>\n\t\t\t<\/div>\n\t\t\t\t\t\t<\/div>\n\t\t\t\t\t<\/div>\n\t\t<\/div>\n\t\t\t\t\t<\/div>\n\t\t<\/section>\n\t\t\t\t\t<\/div>\n\t\t<\/div>\n\t\t\t\t\t<\/div>\n\t\t<\/section>\n\t\t\t\t<\/div>","protected":false},"excerpt":{"rendered":"<p>M\u00fasica en vivo Todos los lunes y jueves conciertos en la terraza del Bar Nelva Oferta web a partir 5% todos los apartamentos Rumba con \u00abFusiona2\u00bb A partir del 1 de junio todos los jueves, m\u00fasica en vivo con Fusiona 2, a las 21h en la terraza del Nelva Resort!!! Abierto a todo el p\u00fablico!!!Men\u00fa [&hellip;]<\/p>","protected":false},"author":1,"featured_media":3400,"parent":0,"menu_order":0,"comment_status":"closed","ping_status":"closed","template":"","meta":{"site-sidebar-layout":"no-sidebar","site-content-layout":"page-builder","ast-site-content-layout":"","site-content-style":"default","site-sidebar-style":"default","ast-global-header-display":"","ast-banner-title-visibility":"","ast-main-header-display":"","ast-hfb-above-header-display":"","ast-hfb-below-header-display":"","ast-hfb-mobile-header-display":"","site-post-title":"disabled","ast-breadcrumbs-content":"","ast-featured-img":"disabled","footer-sml-layout":"","theme-transparent-header-meta":"enabled","adv-header-id-meta":"","stick-header-meta":"","header-above-stick-meta":"","header-main-stick-meta":"","header-below-stick-meta":"","astra-migrate-meta-layouts":"default","ast-page-background-enabled":"default","ast-page-background-meta":{"desktop":{"background-color":"","background-image":"","background-repeat":"repeat","background-position":"center center","background-size":"auto","background-attachment":"scroll","background-type":"","background-media":"","overlay-type":"","overlay-color":"","overlay-opacity":"","overlay-gradient":""},"tablet":{"background-color":"","background-image":"","background-repeat":"repeat","background-position":"center center","background-size":"auto","background-attachment":"scroll","background-type":"","background-media":"","overlay-type":"","overlay-color":"","overlay-opacity":"","overlay-gradient":""},"mobile":{"background-color":"","background-image":"","background-repeat":"repeat","background-position":"center center","background-size":"auto","background-attachment":"scroll","background-type":"","background-media":"","overlay-type":"","overlay-color":"","overlay-opacity":"","overlay-gradient":""}},"ast-content-background-meta":{"desktop":{"background-color":"var(--ast-global-color-5)","background-image":"","background-repeat":"repeat","background-position":"center center","background-size":"auto","background-attachment":"scroll","background-type":"","background-media":"","overlay-type":"","overlay-color":"","overlay-opacity":"","overlay-gradient":""},"tablet":{"background-color":"var(--ast-global-color-5)","background-image":"","background-repeat":"repeat","background-position":"center center","background-size":"auto","background-attachment":"scroll","background-type":"","background-media":"","overlay-type":"","overlay-color":"","overlay-opacity":"","overlay-gradient":""},"mobile":{"background-color":"var(--ast-global-color-5)","background-image":"","background-repeat":"repeat","background-position":"center center","background-size":"auto","background-attachment":"scroll","background-type":"","background-media":"","overlay-type":"","overlay-color":"","overlay-opacity":"","overlay-gradient":""}},"footnotes":""},"class_list":["post-3415","page","type-page","status-publish","has-post-thumbnail","hentry"],"yoast_head":"<!-- This site is optimized with the Yoast SEO plugin v26.0 - https:\/\/yoast.com\/wordpress\/plugins\/seo\/ -->\n<title>Conciertos y m\u00fasica en directo| Nelva Resort | Terraza Nelva<\/title>\n<meta name=\"description\" content=\"Disfruta de los conciertos en la terraza del Bar Nelva Resort. Todos los Martes y Viernes con conciertos de Fusiona2 y Marcos Andr\u00e9s.\" \/>\n<meta name=\"robots\" content=\"noindex, follow, max-snippet:-1, max-image-preview:large, max-video-preview:-1\" \/>\n<meta property=\"og:locale\" content=\"en_GB\" \/>\n<meta property=\"og:type\" content=\"article\" \/>\n<meta property=\"og:title\" content=\"Conciertos y m\u00fasica en directo| Nelva Resort | Terraza Nelva\" \/>\n<meta property=\"og:description\" content=\"Disfruta de los conciertos en la terraza del Bar Nelva Resort. Todos los Martes y Viernes con conciertos de Fusiona2 y Marcos Andr\u00e9s.\" \/>\n<meta property=\"og:url\" content=\"https:\/\/staging.nelvaresort.com\/en\/conciertos-nelva-resort\/\" \/>\n<meta property=\"og:site_name\" content=\"Nelva Resort | Apartamentos en Menorca | Web Oficial\" \/>\n<meta property=\"article:modified_time\" content=\"2025-06-10T09:20:25+00:00\" \/>\n<meta property=\"og:image\" content=\"https:\/\/staging.nelvaresort.com\/wp-content\/uploads\/2023\/09\/fusiona2barnelva-e1703093522743.jpeg\" \/>\n\t<meta property=\"og:image:width\" content=\"714\" \/>\n\t<meta property=\"og:image:height\" content=\"783\" \/>\n\t<meta property=\"og:image:type\" content=\"image\/jpeg\" \/>\n<meta name=\"twitter:card\" content=\"summary_large_image\" \/>\n<meta name=\"twitter:label1\" content=\"Estimated reading time\" \/>\n\t<meta name=\"twitter:data1\" content=\"1 minute\" \/>\n<script type=\"application\/ld+json\" class=\"yoast-schema-graph\">{\"@context\":\"https:\/\/schema.org\",\"@graph\":[{\"@type\":\"WebPage\",\"@id\":\"https:\/\/staging.nelvaresort.com\/conciertos-nelva-resort\/\",\"url\":\"https:\/\/staging.nelvaresort.com\/conciertos-nelva-resort\/\",\"name\":\"Conciertos y m\u00fasica en directo| Nelva Resort | Terraza Nelva\",\"isPartOf\":{\"@id\":\"https:\/\/staging.nelvaresort.com\/#website\"},\"primaryImageOfPage\":{\"@id\":\"https:\/\/staging.nelvaresort.com\/conciertos-nelva-resort\/#primaryimage\"},\"image\":{\"@id\":\"https:\/\/staging.nelvaresort.com\/conciertos-nelva-resort\/#primaryimage\"},\"thumbnailUrl\":\"https:\/\/staging.nelvaresort.com\/wp-content\/uploads\/2023\/09\/fusiona2barnelva-e1703093522743.jpeg\",\"datePublished\":\"2023-09-21T08:42:54+00:00\",\"dateModified\":\"2025-06-10T09:20:25+00:00\",\"description\":\"Disfruta de los conciertos en la terraza del Bar Nelva Resort. Todos los Martes y Viernes con conciertos de Fusiona2 y Marcos Andr\u00e9s.\",\"breadcrumb\":{\"@id\":\"https:\/\/staging.nelvaresort.com\/conciertos-nelva-resort\/#breadcrumb\"},\"inLanguage\":\"en-GB\",\"potentialAction\":[{\"@type\":\"ReadAction\",\"target\":[\"https:\/\/staging.nelvaresort.com\/conciertos-nelva-resort\/\"]}]},{\"@type\":\"ImageObject\",\"inLanguage\":\"en-GB\",\"@id\":\"https:\/\/staging.nelvaresort.com\/conciertos-nelva-resort\/#primaryimage\",\"url\":\"https:\/\/staging.nelvaresort.com\/wp-content\/uploads\/2023\/09\/fusiona2barnelva-e1703093522743.jpeg\",\"contentUrl\":\"https:\/\/staging.nelvaresort.com\/wp-content\/uploads\/2023\/09\/fusiona2barnelva-e1703093522743.jpeg\",\"width\":714,\"height\":783},{\"@type\":\"BreadcrumbList\",\"@id\":\"https:\/\/staging.nelvaresort.com\/conciertos-nelva-resort\/#breadcrumb\",\"itemListElement\":[{\"@type\":\"ListItem\",\"position\":1,\"name\":\"Portada\",\"item\":\"https:\/\/staging.nelvaresort.com\/\"},{\"@type\":\"ListItem\",\"position\":2,\"name\":\"M\u00fasica en vivo\"}]},{\"@type\":\"WebSite\",\"@id\":\"https:\/\/staging.nelvaresort.com\/#website\",\"url\":\"https:\/\/staging.nelvaresort.com\/\",\"name\":\"Nelva Resort | Apartamentos en Menorca | Web Oficial\",\"description\":\"Apartamentos en Menorca al mejor precio. Aparthotel ubicado en la playa de Cala\u2019n Porter de Menorca. Reserva aqu\u00ed.\",\"publisher\":{\"@id\":\"https:\/\/staging.nelvaresort.com\/#organization\"},\"potentialAction\":[{\"@type\":\"SearchAction\",\"target\":{\"@type\":\"EntryPoint\",\"urlTemplate\":\"https:\/\/staging.nelvaresort.com\/?s={search_term_string}\"},\"query-input\":{\"@type\":\"PropertyValueSpecification\",\"valueRequired\":true,\"valueName\":\"search_term_string\"}}],\"inLanguage\":\"en-GB\"},{\"@type\":\"Organization\",\"@id\":\"https:\/\/staging.nelvaresort.com\/#organization\",\"name\":\"Nelva Resort | Apartamentos en Menorca | Web Oficial\",\"url\":\"https:\/\/staging.nelvaresort.com\/\",\"logo\":{\"@type\":\"ImageObject\",\"inLanguage\":\"en-GB\",\"@id\":\"https:\/\/staging.nelvaresort.com\/#\/schema\/logo\/image\/\",\"url\":\"https:\/\/staging.nelvaresort.com\/wp-content\/uploads\/2023\/06\/nelva-resort-logo.png\",\"contentUrl\":\"https:\/\/staging.nelvaresort.com\/wp-content\/uploads\/2023\/06\/nelva-resort-logo.png\",\"width\":709,\"height\":709,\"caption\":\"Nelva Resort | Apartamentos en Menorca | Web Oficial\"},\"image\":{\"@id\":\"https:\/\/staging.nelvaresort.com\/#\/schema\/logo\/image\/\"}}]}<\/script>\n<!-- \/ Yoast SEO plugin. -->","yoast_head_json":{"title":"Concerts and live music| Nelva Resort | Nelva Terrace","description":"Enjoy the concerts on the terrace of the Bar Nelva Resort. Every Tuesday and Friday with concerts by Fusiona2 and Marcos Andr\u00e9s.","robots":{"index":"noindex","follow":"follow","max-snippet":"max-snippet:-1","max-image-preview":"max-image-preview:large","max-video-preview":"max-video-preview:-1"},"og_locale":"en_GB","og_type":"article","og_title":"Conciertos y m\u00fasica en directo| Nelva Resort | Terraza Nelva","og_description":"Disfruta de los conciertos en la terraza del Bar Nelva Resort. Todos los Martes y Viernes con conciertos de Fusiona2 y Marcos Andr\u00e9s.","og_url":"https:\/\/staging.nelvaresort.com\/en\/conciertos-nelva-resort\/","og_site_name":"Nelva Resort | Apartamentos en Menorca | Web Oficial","article_modified_time":"2025-06-10T09:20:25+00:00","og_image":[{"width":714,"height":783,"url":"https:\/\/staging.nelvaresort.com\/wp-content\/uploads\/2023\/09\/fusiona2barnelva-e1703093522743.jpeg","type":"image\/jpeg"}],"twitter_card":"summary_large_image","twitter_misc":{"Estimated reading time":"1 minute"},"schema":{"@context":"https:\/\/schema.org","@graph":[{"@type":"WebPage","@id":"https:\/\/staging.nelvaresort.com\/conciertos-nelva-resort\/","url":"https:\/\/staging.nelvaresort.com\/conciertos-nelva-resort\/","name":"Concerts and live music| Nelva Resort | Nelva Terrace","isPartOf":{"@id":"https:\/\/staging.nelvaresort.com\/#website"},"primaryImageOfPage":{"@id":"https:\/\/staging.nelvaresort.com\/conciertos-nelva-resort\/#primaryimage"},"image":{"@id":"https:\/\/staging.nelvaresort.com\/conciertos-nelva-resort\/#primaryimage"},"thumbnailUrl":"https:\/\/staging.nelvaresort.com\/wp-content\/uploads\/2023\/09\/fusiona2barnelva-e1703093522743.jpeg","datePublished":"2023-09-21T08:42:54+00:00","dateModified":"2025-06-10T09:20:25+00:00","description":"Enjoy the concerts on the terrace of the Bar Nelva Resort. Every Tuesday and Friday with concerts by Fusiona2 and Marcos Andr\u00e9s.","breadcrumb":{"@id":"https:\/\/staging.nelvaresort.com\/conciertos-nelva-resort\/#breadcrumb"},"inLanguage":"en-GB","potentialAction":[{"@type":"ReadAction","target":["https:\/\/staging.nelvaresort.com\/conciertos-nelva-resort\/"]}]},{"@type":"ImageObject","inLanguage":"en-GB","@id":"https:\/\/staging.nelvaresort.com\/conciertos-nelva-resort\/#primaryimage","url":"https:\/\/staging.nelvaresort.com\/wp-content\/uploads\/2023\/09\/fusiona2barnelva-e1703093522743.jpeg","contentUrl":"https:\/\/staging.nelvaresort.com\/wp-content\/uploads\/2023\/09\/fusiona2barnelva-e1703093522743.jpeg","width":714,"height":783},{"@type":"BreadcrumbList","@id":"https:\/\/staging.nelvaresort.com\/conciertos-nelva-resort\/#breadcrumb","itemListElement":[{"@type":"ListItem","position":1,"name":"Portada","item":"https:\/\/staging.nelvaresort.com\/"},{"@type":"ListItem","position":2,"name":"M\u00fasica en vivo"}]},{"@type":"WebSite","@id":"https:\/\/staging.nelvaresort.com\/#website","url":"https:\/\/staging.nelvaresort.com\/","name":"Nelva Resort : Apartments in Menorca : Official Website","description":"Apartments in Menorca at the best price. Aparthotel located on the Cala&#039;n Porter beach in Menorca. Reserve here.","publisher":{"@id":"https:\/\/staging.nelvaresort.com\/#organization"},"potentialAction":[{"@type":"SearchAction","target":{"@type":"EntryPoint","urlTemplate":"https:\/\/staging.nelvaresort.com\/?s={search_term_string}"},"query-input":{"@type":"PropertyValueSpecification","valueRequired":true,"valueName":"search_term_string"}}],"inLanguage":"en-GB"},{"@type":"Organization","@id":"https:\/\/staging.nelvaresort.com\/#organization","name":"Nelva Resort : Apartments in Menorca : Official Website","url":"https:\/\/staging.nelvaresort.com\/","logo":{"@type":"ImageObject","inLanguage":"en-GB","@id":"https:\/\/staging.nelvaresort.com\/#\/schema\/logo\/image\/","url":"https:\/\/staging.nelvaresort.com\/wp-content\/uploads\/2023\/06\/nelva-resort-logo.png","contentUrl":"https:\/\/staging.nelvaresort.com\/wp-content\/uploads\/2023\/06\/nelva-resort-logo.png","width":709,"height":709,"caption":"Nelva Resort | Apartamentos en Menorca | Web Oficial"},"image":{"@id":"https:\/\/staging.nelvaresort.com\/#\/schema\/logo\/image\/"}}]}},"_links":{"self":[{"href":"https:\/\/staging.nelvaresort.com\/en\/wp-json\/wp\/v2\/pages\/3415","targetHints":{"allow":["GET"]}}],"collection":[{"href":"https:\/\/staging.nelvaresort.com\/en\/wp-json\/wp\/v2\/pages"}],"about":[{"href":"https:\/\/staging.nelvaresort.com\/en\/wp-json\/wp\/v2\/types\/page"}],"author":[{"embeddable":true,"href":"https:\/\/staging.nelvaresort.com\/en\/wp-json\/wp\/v2\/users\/1"}],"replies":[{"embeddable":true,"href":"https:\/\/staging.nelvaresort.com\/en\/wp-json\/wp\/v2\/comments?post=3415"}],"version-history":[{"count":9,"href":"https:\/\/staging.nelvaresort.com\/en\/wp-json\/wp\/v2\/pages\/3415\/revisions"}],"predecessor-version":[{"id":4143,"href":"https:\/\/staging.nelvaresort.com\/en\/wp-json\/wp\/v2\/pages\/3415\/revisions\/4143"}],"wp:featuredmedia":[{"embeddable":true,"href":"https:\/\/staging.nelvaresort.com\/en\/wp-json\/wp\/v2\/media\/3400"}],"wp:attachment":[{"href":"https:\/\/staging.nelvaresort.com\/en\/wp-json\/wp\/v2\/media?parent=3415"}],"curies":[{"name":"wp","href":"https:\/\/api.w.org\/{rel}","templated":true}]}}